{"id":260,"date":"2024-09-24T22:04:53","date_gmt":"2024-09-25T01:04:53","guid":{"rendered":"https:\/\/maiamariana.com.br\/?page_id=260"},"modified":"2025-04-16T15:02:49","modified_gmt":"2025-04-16T18:02:49","slug":"curriculo","status":"publish","type":"page","link":"https:\/\/maiamariana.com.br\/?page_id=260","title":{"rendered":"Curr\u00edculo"},"content":{"rendered":"\n<ul class=\"wp-block-list\">\n<li><strong>FORMA\u00c7\u00c3O ACAD\u00caMICA\/TITULA\u00c7\u00c3O<\/strong><\/li>\n\n\n\n<li>(2009 &#8211; 2011) PPGARTES\/ UERJ<strong> Mestrado em Artes Visuais &#8211; Arte Contempor\u00e2nea<\/strong><\/li>\n\n\n\n<li>(2003 &#8211; 2007) ART\/ UERJ <strong>Bacharelado e Licenciatura em Hist\u00f3ria da Arte<\/strong><\/li>\n<\/ul>\n\n\n\n<p><\/p>\n\n\n\n<ul class=\"wp-block-list\">\n<li><strong>FORMA\u00c7\u00c3O COMPLEMENTAR<\/strong><\/li>\n\n\n\n<li>(2020) Escola Sem S\u00edtio <strong>Interlocu\u00e7\u00f5es para Projetos Art\u00edsticos<\/strong><\/li>\n\n\n\n<li>(2019) Desafio de Roteiro e Desafio de Produ\u00e7\u00e3o <strong>Cineclube Atl\u00e2ntico Negro<\/strong><\/li>\n\n\n\n<li>(2018) CMAHO\/ Grupo de Pesquisa <strong>DE\/ SOBRE\/ FEITA POR MULHERES<\/strong><\/li>\n\n\n\n<li>(2018) EAV Parque Lage <strong>Imagem em Movimento com Marcos Bonisson<\/strong><\/li>\n\n\n\n<li>(2017) EAV Parque Lage <strong>Performance com Nadam Guerra<\/strong><\/li>\n\n\n\n<li>(2015) Ateli\u00ea da Imagem<strong> Fotografia<\/strong><\/li>\n<\/ul>\n\n\n\n<p><\/p>\n\n\n\n<ul class=\"wp-block-list\">\n<li><strong>ATUA\u00c7\u00c3O PROFISSIONAL<\/strong><\/li>\n\n\n\n<li>(2025) e (2011 &#8211; 2020) SME\/RJ<strong> Secret\u00e1ria Municipal de Educa\u00e7\u00e3o\/ 8\u00aa e 10\u00aa CRE\/ Professora de Artes Visuais<\/strong><\/li>\n\n\n\n<li>(2024 &#8211; 2025) SMC\/ <strong>Secretaria Municipal de Cultura\/ Ger\u00eancia de Museus \/ Curadora<\/strong><\/li>\n\n\n\n<li>(2021 &#8211; 2024) SMC\/ <strong>Secretaria Municipal de Cultura\/ Ger\u00eancia do Educativo do MUHCAB<\/strong><\/li>\n\n\n\n<li>(2018 &#8211; 2025) SME\/Duque de Caxias\/RJ <strong>Secretaria Municipal de Educa\u00e7\u00e3o\/ 1\u00ba Distrito\/ Professora de Artes Visuais<\/strong><\/li>\n\n\n\n<li>(2014 &#8211; 2020) SME\/RJ<strong> Centro de Arte e Esporte da 8\u00aa CRE\/ Professora de Artes Visuais<\/strong><\/li>\n\n\n\n<li>(2008 &#8211; 2018) SEE\/RJ<strong> Secret\u00e1ria Estadual de Educa\u00e7\u00e3o\/ Metropolitana IV\/ Professora de Artes Visuais<\/strong><\/li>\n\n\n\n<li>(2011 &#8211; presente) <strong>Artista Visual<\/strong><\/li>\n<\/ul>\n\n\n\n<p><\/p>\n\n\n\n<ul class=\"wp-block-list\">\n<li><strong>EXPOSI\u00c7\u00d5ES E A\u00c7\u00d5ES ART\u00cdSTICAS<\/strong><\/li>\n\n\n\n<li><strong>Coletivas<\/strong><\/li>\n\n\n\n<li>(2025) <strong><em>Dignidade e Luta: Laudelina de Campos Mello<\/em><\/strong>\/ Instituto Moreira Salles &#8211; MG<\/li>\n\n\n\n<li>(2024) <strong><em>Caminho de Devaneios<\/em><\/strong>\/ Centro Cultural dos Correios &#8211; RJ<\/li>\n\n\n\n<li>(2024) <strong><em>Giro Abissal<\/em><\/strong>\/ Sala Antonio Berni, Consulado da Argentina &#8211; RJ<\/li>\n\n\n\n<li>(2024) <strong><em>Chutando as Portas<\/em><\/strong>\/ Galeria Ocup\u00e1 &#8211; RJ<\/li>\n\n\n\n<li>(2024) <strong><em>Feira de Arte Aberta<\/em><\/strong>\/ F\u00e1brica Bhering &#8211; RJ<\/li>\n\n\n\n<li>(2024) <strong>FuzuEr\u00ea + Onip\u00e9 Ibej\u00ed<\/strong>\/ Solar dos Abacaxis e Galp\u00e3o Bela Mar\u00e9 &#8211; RJ<\/li>\n\n\n\n<li>(2024) <strong><em>Mural Olubaj\u00e9<\/em><\/strong>\/ Museu da Rep\u00fablica &#8211; RJ<\/li>\n\n\n\n<li>(2024) <strong><em>Andar Junto Enquanto Fala<\/em><\/strong>\/ Casa da Escada Colorida &#8211; RJ<\/li>\n\n\n\n<li>(2024) <strong><em>Casa Aberta<\/em><\/strong>\/ Galeria ArtNova, Fabrica Bhering &#8211; RJ<\/li>\n\n\n\n<li>(2024) <strong><em>Mem\u00f3rias Habitadas<\/em><\/strong>\/ SESC Tr\u00eas Rios &#8211; RJ<\/li>\n\n\n\n<li>(2024) <strong><em>Terreno<\/em><\/strong>\/ Parque Gl\u00f3ria Maria &#8211; RJ<\/li>\n\n\n\n<li>(2024) <strong><em>Entre Terreiros e Quintais<\/em><\/strong>\/ Galeria do Lago &#8211; Museu da Rep\u00fablica &#8211; RJ<\/li>\n\n\n\n<li>(2024) <strong><em>Casa P\u00fablica<\/em><\/strong>\/ Interven\u00e7\u00f5es Art\u00edsticas em Pra\u00e7as P\u00fablicas &#8211; RJ<\/li>\n\n\n\n<li>(2024) <strong><em>Uma Casa Toda Sua<\/em><\/strong><strong>\/ <\/strong>Casa Museu Eva Klabin &#8211; RJ<strong><\/strong><\/li>\n\n\n\n<li>(2024) <strong><em>Abolicionistas Brasileiras<\/em><\/strong><strong>\/ <\/strong>MAR &#8211; RJ<strong><\/strong><\/li>\n\n\n\n<li>(2024) <strong><em>M\u00e3em\u00f3ria<\/em><\/strong><strong>\/ <\/strong>Instituto dos Pretos Novos &#8211; RJ<strong><\/strong><\/li>\n\n\n\n<li>(2024) <strong>Sou(l): Exhibition of Afro-Diasporic\/ <\/strong>ArtSpaceVidigal<strong> &#8211; <\/strong>RJ<\/li>\n\n\n\n<li>(2024) <strong><em>Natividade<\/em>\/ <\/strong>CC Calouste Gulbenkian &#8211; RJ<\/li>\n\n\n\n<li>(2023) <strong><em>Passeio P\u00fablico<\/em><\/strong><strong>\/ <\/strong>Caixa Cultural &#8211; RJ<\/li>\n\n\n\n<li>(2023) <strong><em>Maternagem<\/em><\/strong><strong>\/ <\/strong>SESC \u2013 Duque de Caxias\u2013 RJ<\/li>\n\n\n\n<li>(2023) <strong><em>O que sentimos<\/em><\/strong><strong>\/ <\/strong>Artistas Latinas &#8211; RJ<strong><\/strong><\/li>\n\n\n\n<li>(2022) <strong><em>Pixinguinha<\/em><\/strong><strong>\/ <\/strong>MAR- RJ<\/li>\n\n\n\n<li>(2022) <strong><em>Artistas Latinas<\/em><\/strong><strong>\/ <\/strong>ARTRIO\u2013 RJ<\/li>\n\n\n\n<li>(2022) <strong><em>Altay Veloso<\/em><\/strong><strong>\/ <\/strong>SESC \u2013 S\u00e3o Gon\u00e7alo- RJ<\/li>\n\n\n\n<li>(2022) <strong><em>M\u00f3 Coletivo<\/em><\/strong><strong>\/ <\/strong>SESC \u2013 Duque de Caxias- RJ<\/li>\n\n\n\n<li>(2022) <strong><em>O Rio Delas<\/em><\/strong><strong>\/ <\/strong>Rua do Mercado\u2013 RJ<\/li>\n\n\n\n<li>(2022) <strong><em>Respirar entre rastros<\/em><\/strong><strong>\/ <\/strong>Galeria C\u00e2ndido Portinari &#8211; UERJ &#8211; RJ<\/li>\n\n\n\n<li>(2021) <strong><em>Nzanza<\/em><\/strong><strong>\/ <\/strong>Virtual @exponzanza<\/li>\n\n\n\n<li>(2019) <strong><em>Raiz Comum<\/em><\/strong><strong>\/ <\/strong>C. C. Laurinda Santos Lobo- RJ<\/li>\n\n\n\n<li>(2019) <strong><em>Territ\u00f3rios e R\/\u00caxistencia<\/em><\/strong><strong>\/ <\/strong>PPGCom &#8211; UERJ- RJ<\/li>\n\n\n\n<li>(2019) <strong><em>Rios do Rio<\/em><\/strong><strong>\/ <\/strong>Museu Hist\u00f3rico Nacional- RJ<\/li>\n\n\n\n<li>(2019) <strong><em>Artes Aqu\u00e1ticas<\/em><\/strong><strong>\/ <\/strong>Golfinhos da Baixada \u2013 Queimados &#8211; RJ<\/li>\n\n\n\n<li>(2019) <strong><em>Al\u00e9m dos Planos<\/em>\/<\/strong> Galeria Pence &#8211; RJ<\/li>\n\n\n\n<li>(2018) <strong><em>Te-t\u00e1<\/em><\/strong>\/ Casa Taura &#8211; RJ<\/li>\n\n\n\n<li>(2018) <strong><em>Videopo\u00e9ticas con perspectiva de genero<\/em><\/strong>\/ La Morada &#8211; Bogot\u00e1 &#8211; Colombia <\/li>\n\n\n\n<li>(2018) <strong><em>Festival Internacional de Videopoes\u00eda V\u00eddeo Bardo 2018<\/em><\/strong>\/ Buenos Aires &#8211; Argentina (2018) <strong><em>7\u00aa Jornada Audiovisual Feminista<\/em><\/strong>\/ Casa Sofia &#8211; Buenos Aires &#8211; Argentina <\/li>\n\n\n\n<li>(2018) <strong><em>Gira_Circuito Itinerante de Performances<\/em><\/strong>\/ Jo\u00e3o Pessoa &#8211; PB<\/li>\n\n\n\n<li>(2018) <strong><em>Conquista Ruas: Festival de Artes Performativas<\/em><\/strong>\/ Centro de Cultura Camillo de Jesus Vit\u00f3ria da Conquista &#8211; BA e Centro Cultural Del Carmen Valencia &#8211; Espanha<\/li>\n\n\n\n<li>(2018) <strong><em>Mostra IP<\/em><\/strong>\/ Diversas cidades do Brasil &#8211; PE, AL, PR, CE, AP, RJ, SP, PI, GO, MG<\/li>\n\n\n\n<li>(2018) <strong><em>VIII Mostra de Performance &#8211; arte negra imagem e anonimato<\/em><\/strong>\/ Galeria Canizares &#8211; UFBA<\/li>\n\n\n\n<li>(2018) <strong><em>Ex-Tens\u00e3o<\/em><\/strong>\/ Espa\u00e7o Mova &#8211; RJ<\/li>\n\n\n\n<li>(2018) <strong><em>Nanass\u00e1 e outras can\u00e7\u00f5es, Performance com o Grupo Teatral V\u00edvidos<\/em><\/strong>\/ Centro Cultural Municipal Jos\u00e9 Bonif\u00e1cio e MUHCAB- Museu da Hist\u00f3ria e da Cultura Afro-<br>brasileira &#8211; RJ<\/li>\n\n\n\n<li>(2018) <strong><em>Afro Performa Cidades<\/em><\/strong>\/ UERJ &#8211; Universidade do Estado do Rio de Janeiro &#8211; RJ<\/li>\n\n\n\n<li>(2017) <strong><em>Ocupa\u00e7\u00e3o Ov\u00e1rias<\/em><\/strong>\/ Centro Cultural Municipal Laurinda Santos Lobo &#8211; RJ<\/li>\n\n\n\n<li>(2017) <strong>Mostra <em>Arte Viva<\/em><\/strong>\/ EAV Parque Lage &#8211; RJ<\/li>\n\n\n\n<li>(2015) <strong><em>Exposi\u00e7\u00e3o #AfroGrafiteiras<\/em><\/strong>\/ Galeria Scenarim e Espa\u00e7o CEDIM &#8211; RJ<\/li>\n\n\n\n<li>(2015) <em><strong>Olhar em Movimento (Coletivo Tramas Contempor\u00e2neas) &#8211; Circuito Itinerante de Poesia nos Bairros Cariocas<\/strong><\/em>\/ Realengo &#8211; RJ<\/li>\n\n\n\n<li>(2014) <strong><em>Amuletos (Coletivo Tramas Contempor\u00e2neas) &#8211; XIII Festival de Apartamento<\/em><\/strong>\/ Miguel Pereira &#8211; RJ<\/li>\n\n\n\n<li>(2013) <strong><em>Corp\u00f3reo (Coletivo Tramas Contempor\u00e2neas) &#8211; Performar a Loucura<\/em><\/strong>\/ Inst. Nise da Silveira, Engenho de Dentro &#8211; RJ<\/li>\n\n\n\n<li>(2012) <strong><em>Joga Arte na Geni\/ Brech\u00f3 da Geni<\/em><\/strong>\/ Lapa &#8211; RJ<\/li>\n\n\n\n<li>(2012) <strong><em>Araka<\/em><\/strong>\/ G\u00e1vea &#8211; Rio de Janeiro<\/li>\n\n\n\n<li>(2012) <strong><em>3\u00aa Ed. do Jongo na Telha<\/em><\/strong>\/ Casa Gira Mundo\/ Lapa &#8211; RJ<\/li>\n<\/ul>\n\n\n\n<p><\/p>\n\n\n\n<ul class=\"wp-block-list\">\n<li><strong>Resid\u00eancias Art\u00edsticas<\/strong><\/li>\n\n\n\n<li>(2024) <strong><em>Casa da Escada Colorida<\/em><\/strong><strong>\/<\/strong> Lapa &#8211; RJ<\/li>\n\n\n\n<li>(2020) <strong><em>No Rio h\u00e1 uma cidade que nos separa<\/em><\/strong><strong> &#8211; Nordisk KulturFond\/<\/strong> Cunts Collective &#8211; RJ<\/li>\n\n\n\n<li>(2018) <strong>Programa Desmontagem &#8211; <em>Projeto Raiz Forte<\/em>\/<\/strong> Casa Porto &#8211; Vit\u00f3ria &#8211; ES<\/li>\n\n\n\n<li>(2016) <strong><em>48 horas na Casa Vazia<\/em><\/strong>\/ Casa da Rua do Amor &#8211; Santa Cruz, RJ<\/li>\n\n\n\n<li>(2012) <strong><em>Ateli\u00ea-Galeria de viv\u00eancias po\u00e9ticas<\/em><\/strong>\/ COAB, Realengo &#8211; RJ<\/li>\n<\/ul>\n\n\n\n<p><\/p>\n\n\n\n<ul class=\"wp-block-list\">\n<li><strong>Individual<\/strong><\/li>\n\n\n\n<li>(2019) <em><strong>CoroA\u00e7\u00e3o<\/strong>\/ <\/em>Galeria Desvio \u2013 RJ<\/li>\n\n\n\n<li>(2017) <strong><em>Incorpora\u00e7\u00e3o<\/em><\/strong>\/ Centro Cultural Municipal Laurinda Santos Lobo &#8211; RJ<\/li>\n\n\n\n<li>(2011) <strong><em>Ensaias<\/em><\/strong>\/ FACHA &#8211; Faculdade H\u00e9lio Alonso\/ Botafogo e Meier &#8211; RJ<\/li>\n<\/ul>\n\n\n\n<p><\/p>\n\n\n\n<ul class=\"wp-block-list\">\n<li><strong>Premia\u00e7\u00f5es<\/strong><\/li>\n\n\n\n<li>(2024) <strong>Indica\u00e7\u00e3o ao Pr\u00eamio PIPA de Arte Contempor\u00e2nea<\/strong><\/li>\n\n\n\n<li>(2021) <strong>Pr\u00eamio Inspirar Neo Energia, com o M\u00f3 Coletivo<\/strong><\/li>\n\n\n\n<li>(2011) <strong>2\u00ba Pr\u00eamio Belvedere de Arte Contempor\u00e2nea<\/strong><\/li>\n<\/ul>\n\n\n\n<p><\/p>\n\n\n\n<ul class=\"wp-block-list\">\n<li><strong>FILMES E V\u00cdDEO PERFORMANCES<\/strong><\/li>\n\n\n\n<li>(2024) <strong><em>Ofertar as \u00e1guas<\/em><\/strong>, atua\u00e7\u00e3o, dire\u00e7\u00e3o e roteiro <\/li>\n\n\n\n<li>(2024) <strong><em>Brecha<\/em><\/strong><em>\/ <\/em>Filme de Joana Antonacci\/atua\u00e7\u00e3o<\/li>\n\n\n\n<li>(2023) <strong><em>Tib\u00e9rio<\/em><\/strong>\/ Filme de Clementino Jr\/ atua\u00e7\u00e3o<\/li>\n\n\n\n<li>(2021) <strong><em>Quatro Or\u00ed, <\/em><\/strong>atua\u00e7\u00e3o, dire\u00e7\u00e3o e roteiro &#8211; Mostra Encena Preta.<\/li>\n\n\n\n<li>(2021) <strong><em>Saluba, <\/em><\/strong>atua\u00e7\u00e3o e roteiro &#8211; Exposi\u00e7\u00e3o Nzanza\/ Escola Sem S\u00edtio<\/li>\n\n\n\n<li>(2021) <strong><em>Trouxa de Ouro, <\/em><\/strong>atua\u00e7\u00e3o e roteiro. O filme participou, dentre outras, da Mostra de Cinema Z\u00f3zimo Bubul.<\/li>\n\n\n\n<li>(2020) <strong><em>M\u00e3e do Entardecer, <\/em><\/strong>atua\u00e7\u00e3o e roteiro<\/li>\n\n\n\n<li>(2019) <strong><em>CoroA\u00e7\u00e3o, <\/em><\/strong>atua\u00e7\u00e3o e roteiro. Pr\u00eamio de Melhor Filme Experimental na IV Mostra de Cinema Negro de Mato Grosso.<\/li>\n\n\n\n<li>(2018) <strong><em>J\u00e1 temos assento,<\/em><\/strong> atua\u00e7\u00e3o e roteiro. Destaque Festival Internacional de Videopoes\u00eda V\u00eddeo Bardo 2018 \/ Buenos Aires \u2013 Argentina<\/li>\n<\/ul>\n\n\n\n<p><\/p>\n\n\n\n<ul class=\"wp-block-list\">\n<li><strong>CURADORIAS<\/strong><\/li>\n\n\n\n<li>(2025) <strong>Exposi\u00e7\u00e3o <em>Hist\u00f3rias e Sonhos<\/em>\/ <\/strong>MUHCAB &#8211; RJ<\/li>\n\n\n\n<li>(2025) <strong><strong>Exposi\u00e7\u00e3o <\/strong><em>Natureza C\u00edclica de Dafne Nass<\/em>\/ <\/strong>MHC &#8211; RJ<\/li>\n\n\n\n<li>(2024) <strong>Festival de Performances do Novembro Negro\/ <\/strong>MUHCAB &#8211; RJ<\/li>\n\n\n\n<li>(2024) <strong>3\u00ba<\/strong> <strong>Festival Margem Visual de Performances Perif\u00e9ricas\/ <\/strong>MUHCAB &#8211; RJ<\/li>\n\n\n\n<li>(2023) <strong>Exposi\u00e7\u00e3o <em>Contempor\u00e2nea Ancestral: Acervo MUHCAB<\/em>\/ <\/strong>MUHCAB \u2013 RJ<strong><\/strong><\/li>\n\n\n\n<li>(2022) <strong>Exposi\u00e7\u00e3o <em>Abarcar Origens<\/em> de Aparecida Silva\/ <\/strong>MUHCAB \u2013 RJ<\/li>\n\n\n\n<li>(2022) <strong><em>Mural<\/em><\/strong><strong> <em>Das Lutas Afro-Brasileiras<\/em> \/ <\/strong>MUHCAB \u2013 RJ<\/li>\n\n\n\n<li>(2021) <strong>Conex\u00e3o MUHCAB\/ <\/strong>Virtual<strong><\/strong><\/li>\n\n\n\n<li>(2021) <strong>1\u00ba Festival Margem Visual de Performances Perif\u00e9ricas\/ <\/strong>Virtual<\/li>\n\n\n\n<li>(2020) <strong>Exposi\u00e7\u00e3o <em>Tenha F\u00e9<\/em>\/ <\/strong>Redes Sociais do C. C. Laurinda Santos Lobo &#8211; RJ<\/li>\n\n\n\n<li>(2018) <strong>CORPAS: Encontro de Performances de Mulheres Negras<\/strong>\/ Casa Bosque e Terreiro Contempor\u00e2neo &#8211; RJ<\/li>\n<\/ul>\n\n\n\n<p><\/p>\n\n\n\n<ul class=\"wp-block-list\">\n<li><strong>PALESTRAS, <\/strong><strong>CURSOS E EVENTOS<\/strong><\/li>\n\n\n\n<li>(2025) <strong>Semana de Educativos dos Museus 2025<\/strong>\/ SMC &#8211; GMU, MAR, MdA, MHC, MUHCAB, MII, Museu Bispo do Ros\u00e1rio, Ecomuseu de Santa Cruz, MNBA<\/li>\n\n\n\n<li>(2024) <strong>Semin\u00e1rio Percursos nas Artes<\/strong>\/ SME e Ita\u00fa Cultural &#8211; RJ<\/li>\n\n\n\n<li>(2024) <strong>Curso de Mediadores<\/strong>\/ MAR &#8211; RJ<\/li>\n\n\n\n<li>(2023) <strong>Semin\u00e1rio 20 Anos do Instituto de Artes\/ <\/strong>UERJ<\/li>\n\n\n\n<li>(2023) <strong>Afroperformacidade\/ <\/strong>IART &#8211; UERJ<\/li>\n\n\n\n<li>(2023) <strong>I Semana das Licenciaturas EBA\/ <\/strong>UFRJ<\/li>\n\n\n\n<li>(2022) <strong>Arte Contempor\u00e2nea Afro-Brasileira\/ <\/strong>MNBA \u2013 Museu Nacional de Belas Artes<\/li>\n\n\n\n<li>(2020) <strong>Cinema Negro\/ <\/strong>Cine Bela \/ Galp\u00e3o Bela Mar\u00e9 &#8211; RJ<\/li>\n\n\n\n<li>(2020) <strong>Representa\u00e7\u00f5es da Negritude em Performances\/ <\/strong>LabFoto \u2013 UERJ<\/li>\n\n\n\n<li>(2020) <strong>Mulheres Negras nas Artes Visuais\/ <\/strong>Galp\u00e3o Bela Mar\u00e9 \u2013 RJ<\/li>\n\n\n\n<li>(2020) <strong>Artista-Docente-Artista<\/strong> Ciclo de Palestras PPGAV &#8211; EBA &#8211; UFRJ<strong> <\/strong>&#8211; RJ<\/li>\n\n\n\n<li>(2019) <strong>Artista-Docente-Artista<\/strong>\/ Col\u00e9gio Pedro II\u2013 RJ<\/li>\n\n\n\n<li>(2019) <strong>Arte Contempor\u00e2nea Negra no Brasil\/ <\/strong><strong>Semin\u00e1rio <em>Negra Presen\u00e7a<\/em><\/strong>\/ MAC &#8211; Niter\u00f3i<\/li>\n\n\n\n<li>(2018) <strong>Afro Olhar<\/strong><strong>\/ <\/strong>VI Jornada de educa\u00e7\u00e3o e rela\u00e7\u00f5es \u00e9tnico-raciais do&nbsp;MAR &#8211; RJ<\/li>\n<\/ul>\n\n\n\n<p><\/p>\n\n\n\n<ul class=\"wp-block-list\">\n<li><strong>PARTICIPA\u00c7\u00c3O EM PUBLICA\u00c7\u00d5ES<\/strong><\/li>\n\n\n\n<li>(2023) <strong><em>Cartilha DE\/SOBRE\/FEITAS POR MULHERES\/ <\/em><\/strong>Revista Desvio<strong><em><\/em><\/strong><\/li>\n\n\n\n<li>(2021) <strong><em>Pequena \u00c1frica: uma sala de aula a c\u00e9u aberto<\/em><\/strong><strong>\/ <\/strong>IPN \u2013 RJ<\/li>\n\n\n\n<li>(2021) <strong><em>RESPIRAR: a emerg\u00eancia \u00e9 essa<\/em><\/strong>\/ Antologia de contos<\/li>\n\n\n\n<li>(2018) <strong><em>Performatus, cat\u00e1logo virtual de performances<\/em><\/strong>\/ http:\/\/performatus.net\/catalogo-artistas\/mariana-maia\/<\/li>\n\n\n\n<li>(2015) <em><strong>Emergency Index Vol. 3<\/strong><\/em> &#8211; <strong>Bodied &#8211; The Riverbank Museum<\/strong>, com o Coletivo Tramas Contempor\u00e2neas\/ Nova York &#8211; EUA<\/li>\n<\/ul>\n\n\n\n<p><\/p>\n\n\n\n<ul class=\"wp-block-list\">\n<li><strong>COLETIVOS ART\u00cdSTICOS<\/strong><\/li>\n\n\n\n<li>(2022 &#8211; 2024) <strong><em>M\u00f3 Coletivo<\/em><\/strong> (<a href=\"https:\/\/www.instagram.com\/mo_coletivo\/\">https:\/\/www.instagram.com\/mo_coletivo\/<\/a>)<\/li>\n\n\n\n<li>(2016 &#8211; 2018) <em><strong>Amo Crew<\/strong><\/em> (<a href=\"https:\/\/www.facebook.com\/afromulheresdeopiniao\">https:\/\/www.facebook.com\/afromulheresdeopiniao<\/a>)<\/li>\n\n\n\n<li>(2013 &#8211; 2018) <strong>Tramas Contempor\u00e2neas<\/strong> (<a href=\"https:\/\/www.facebook.com\/tramascontemporaneas\">https:\/\/www.facebook.com\/tramascontemporaneas<\/a>)<\/li>\n\n\n\n<li>(2018) <strong>Coletiva CORPAS <\/strong>(<a href=\"https:\/\/www.facebook.com\/CorpasEncontro\">https:\/\/www.facebook.com\/CorpasEncontro<\/a>)<\/li>\n\n\n\n<li>(2015 &#8211; 2016) <strong>Elo PhotoClube<\/strong> (elophotoclube.com.br)<\/li>\n\n\n\n<li>(2002 &#8211; 2007) <strong>Grupo Teatral V\u00edvidos<\/strong><\/li>\n<\/ul>\n","protected":false},"excerpt":{"rendered":"","protected":false},"author":1,"featured_media":0,"parent":0,"menu_order":0,"comment_status":"closed","ping_status":"closed","template":"","meta":{"ngg_post_thumbnail":0,"footnotes":""},"class_list":["post-260","page","type-page","status-publish","hentry","entry"],"_links":{"self":[{"href":"https:\/\/maiamariana.com.br\/index.php?rest_route=\/wp\/v2\/pages\/260","targetHints":{"allow":["GET"]}}],"collection":[{"href":"https:\/\/maiamariana.com.br\/index.php?rest_route=\/wp\/v2\/pages"}],"about":[{"href":"https:\/\/maiamariana.com.br\/index.php?rest_route=\/wp\/v2\/types\/page"}],"author":[{"embeddable":true,"href":"https:\/\/maiamariana.com.br\/index.php?rest_route=\/wp\/v2\/users\/1"}],"replies":[{"embeddable":true,"href":"https:\/\/maiamariana.com.br\/index.php?rest_route=%2Fwp%2Fv2%2Fcomments&post=260"}],"version-history":[{"count":7,"href":"https:\/\/maiamariana.com.br\/index.php?rest_route=\/wp\/v2\/pages\/260\/revisions"}],"predecessor-version":[{"id":323,"href":"https:\/\/maiamariana.com.br\/index.php?rest_route=\/wp\/v2\/pages\/260\/revisions\/323"}],"wp:attachment":[{"href":"https:\/\/maiamariana.com.br\/index.php?rest_route=%2Fwp%2Fv2%2Fmedia&parent=260"}],"curies":[{"name":"wp","href":"https:\/\/api.w.org\/{rel}","templated":true}]}}